{"id":1828,"date":"2024-01-13T19:26:46","date_gmt":"2024-01-13T19:26:46","guid":{"rendered":"https:\/\/oficinadoarclimatizacao.com\/?page_id=1828"},"modified":"2025-03-11T23:17:52","modified_gmt":"2025-03-11T23:17:52","slug":"instalacao","status":"publish","type":"page","link":"https:\/\/oficinadoarclimatizacao.com\/index.php\/instalacao\/","title":{"rendered":"Instala\u00e7\u00e3o"},"content":{"rendered":"\t\t<div data-elementor-type=\"wp-page\" data-elementor-id=\"1828\" class=\"elementor elementor-1828\">\n\t\t\t\t<div class=\"elementor-element elementor-element-2315a23d e-flex e-con-boxed wpr-particle-no wpr-jarallax-no wpr-parallax-no wpr-sticky-section-no e-con e-parent\" data-id=\"2315a23d\" data-element_type=\"container\">\n\t\t\t\t\t<div class=\"e-con-inner\">\n\t\t<div class=\"elementor-element elementor-element-3575dde7 e-con-full e-flex wpr-particle-no wpr-jarallax-no wpr-parallax-no wpr-sticky-section-no e-con e-child\" data-id=\"3575dde7\" data-element_type=\"container\">\n\t\t\t\t<div class=\"elementor-element elementor-element-4e1c85ba elementor-widget elementor-widget-heading\" data-id=\"4e1c85ba\" data-element_type=\"widget\" data-widget_type=\"heading.default\">\n\t\t\t\t<div class=\"elementor-widget-container\">\n\t\t\t\t\t<h1 class=\"elementor-heading-title elementor-size-default\">Instala\u00e7\u00e3o<\/h1>\t\t\t\t<\/div>\n\t\t\t\t<\/div>\n\t\t\t\t<\/div>\n\t\t<div class=\"elementor-element elementor-element-679561f0 e-con-full e-flex wpr-particle-no wpr-jarallax-no wpr-parallax-no wpr-sticky-section-no e-con e-child\" data-id=\"679561f0\" data-element_type=\"container\">\n\t\t\t\t<div class=\"elementor-element elementor-element-3b65de70 elementor-widget elementor-widget-text-editor\" data-id=\"3b65de70\" data-element_type=\"widget\" data-widget_type=\"text-editor.default\">\n\t\t\t\t<div class=\"elementor-widget-container\">\n\t\t\t\t\t\t\t\t\t<p>Desenvolvemos projetos e instalamos diversos tipos de condicionadores de ar h\u00e1 mais de 12 anos, abrangendo desde o sistema split at\u00e9 os modernos e eficientes <strong>VRF<\/strong> e <strong>GHP<\/strong>, conhecidos por sua efic\u00e1cia e charme. Como uma empresa certificada, contamos com ferramentas de ponta e oferecemos garantia validada pelos principais fabricantes mundiais.<\/p>\t\t\t\t\t\t\t\t<\/div>\n\t\t\t\t<\/div>\n\t\t\t\t<\/div>\n\t\t\t\t\t<\/div>\n\t\t\t\t<\/div>\n\t\t<div class=\"elementor-element elementor-element-2364193 e-flex e-con-boxed wpr-particle-no wpr-jarallax-no wpr-parallax-no wpr-sticky-section-no e-con e-parent\" data-id=\"2364193\" data-element_type=\"container\">\n\t\t\t\t\t<div class=\"e-con-inner\">\n\t\t<div class=\"elementor-element elementor-element-f0437e0 e-flex e-con-boxed wpr-particle-no wpr-jarallax-no wpr-parallax-no wpr-sticky-section-no e-con e-child\" data-id=\"f0437e0\" data-element_type=\"container\">\n\t\t\t\t\t<div class=\"e-con-inner\">\n\t\t<div class=\"elementor-element elementor-element-b3b1724 e-flex e-con-boxed wpr-jarallax-no wpr-parallax-no wpr-sticky-section-no e-con e-child\" data-id=\"b3b1724\" data-element_type=\"container\" data-settings=\"{&quot;background_background&quot;:&quot;slideshow&quot;,&quot;background_slideshow_gallery&quot;:[{&quot;id&quot;:2804,&quot;url&quot;:&quot;https:\\\/\\\/oficinadoarclimatizacao.com\\\/wp-content\\\/uploads\\\/2024\\\/01\\\/lg-hvac-vrf-system-gas-heat-pump-kv-ghp-super-3-ultimate-compatibility-convenience-d-_1_-e1706251045898.png&quot;},{&quot;id&quot;:2735,&quot;url&quot;:&quot;https:\\\/\\\/oficinadoarclimatizacao.com\\\/wp-content\\\/uploads\\\/2024\\\/01\\\/bg-instalacao-vrvinova-e1706243187687.jpg&quot;}],&quot;background_slideshow_ken_burns&quot;:&quot;yes&quot;,&quot;background_slideshow_loop&quot;:&quot;yes&quot;,&quot;background_slideshow_slide_duration&quot;:5000,&quot;background_slideshow_slide_transition&quot;:&quot;fade&quot;,&quot;background_slideshow_transition_duration&quot;:500,&quot;background_slideshow_ken_burns_zoom_direction&quot;:&quot;in&quot;}\">\n\t\t\t\t\t<div class=\"e-con-inner\">\n\t\t<div class=\"elementor-element elementor-element-9f3a7db e-con-full e-flex wpr-particle-no wpr-jarallax-no wpr-parallax-no wpr-sticky-section-no e-con e-child\" data-id=\"9f3a7db\" data-element_type=\"container\">\n\t\t\t\t<div class=\"elementor-element elementor-element-81b49d5 elementor-widget elementor-widget-heading\" data-id=\"81b49d5\" data-element_type=\"widget\" data-widget_type=\"heading.default\">\n\t\t\t\t<div class=\"elementor-widget-container\">\n\t\t\t\t\t<h2 class=\"elementor-heading-title elementor-size-default\">VRFs e GHPs<\/h2>\t\t\t\t<\/div>\n\t\t\t\t<\/div>\n\t\t\t\t<div class=\"elementor-element elementor-element-e76d89f elementor-widget elementor-widget-text-editor\" data-id=\"e76d89f\" data-element_type=\"widget\" data-widget_type=\"text-editor.default\">\n\t\t\t\t<div class=\"elementor-widget-container\">\n\t\t\t\t\t\t\t\t\tRepresentam avan\u00e7os tecnol\u00f3gicos em sistemas de climatiza\u00e7\u00e3o, oferecendo efici\u00eancia e controle personalizado em diferentes contextos de aplica\u00e7\u00e3o.\t\t\t\t\t\t\t\t<\/div>\n\t\t\t\t<\/div>\n\t\t\t\t<\/div>\n\t\t\t\t\t<\/div>\n\t\t\t\t<\/div>\n\t\t\t\t\t<\/div>\n\t\t\t\t<\/div>\n\t\t<div class=\"elementor-element elementor-element-db3b9df e-flex e-con-boxed wpr-particle-no wpr-jarallax-no wpr-parallax-no wpr-sticky-section-no e-con e-child\" data-id=\"db3b9df\" data-element_type=\"container\">\n\t\t\t\t\t<div class=\"e-con-inner\">\n\t\t<div class=\"elementor-element elementor-element-34938e5 e-con-full e-flex wpr-particle-no wpr-jarallax-no wpr-parallax-no wpr-sticky-section-no e-con e-child\" data-id=\"34938e5\" data-element_type=\"container\">\n\t\t\t\t<div class=\"elementor-element elementor-element-2cd3138 elementor-position-top elementor-widget elementor-widget-image-box\" data-id=\"2cd3138\" data-element_type=\"widget\" data-widget_type=\"image-box.default\">\n\t\t\t\t<div class=\"elementor-widget-container\">\n\t\t\t\t\t<div class=\"elementor-image-box-wrapper\"><figure class=\"elementor-image-box-img\"><img fetchpriority=\"high\" decoding=\"async\" width=\"768\" height=\"510\" src=\"https:\/\/oficinadoarclimatizacao.com\/wp-content\/uploads\/2024\/01\/split-768x510.jpg\" class=\"attachment-medium_large size-medium_large wp-image-2711\" alt=\"Imagem de um Split\" srcset=\"https:\/\/oficinadoarclimatizacao.com\/wp-content\/uploads\/2024\/01\/split-768x510.jpg 768w, https:\/\/oficinadoarclimatizacao.com\/wp-content\/uploads\/2024\/01\/split-300x199.jpg 300w, https:\/\/oficinadoarclimatizacao.com\/wp-content\/uploads\/2024\/01\/split-1024x680.jpg 1024w, https:\/\/oficinadoarclimatizacao.com\/wp-content\/uploads\/2024\/01\/split-1536x1020.jpg 1536w, https:\/\/oficinadoarclimatizacao.com\/wp-content\/uploads\/2024\/01\/split.jpg 1600w\" sizes=\"(max-width: 768px) 100vw, 768px\" \/><\/figure><div class=\"elementor-image-box-content\"><h2 class=\"elementor-image-box-title\">Splits<\/h2><p class=\"elementor-image-box-description\">O sistema split consiste em unidades internas e externas conectadas, permitindo a refrigera\u00e7\u00e3o eficiente de ambientes individuais. A unidade interna \u00e9 instalada no interior, enquanto a externa fica do lado de fora.\u200b<\/p><\/div><\/div>\t\t\t\t<\/div>\n\t\t\t\t<\/div>\n\t\t\t\t<\/div>\n\t\t<div class=\"elementor-element elementor-element-deb5ad8 e-con-full e-flex wpr-particle-no wpr-jarallax-no wpr-parallax-no wpr-sticky-section-no e-con e-child\" data-id=\"deb5ad8\" data-element_type=\"container\">\n\t\t<div class=\"elementor-element elementor-element-90803ac e-con-full e-flex wpr-particle-no wpr-jarallax-no wpr-parallax-no wpr-sticky-section-no e-con e-child\" data-id=\"90803ac\" data-element_type=\"container\">\n\t\t\t\t<div class=\"elementor-element elementor-element-dc6fab2 elementor-position-top elementor-widget elementor-widget-image-box\" data-id=\"dc6fab2\" data-element_type=\"widget\" data-widget_type=\"image-box.default\">\n\t\t\t\t<div class=\"elementor-widget-container\">\n\t\t\t\t\t<div class=\"elementor-image-box-wrapper\"><figure class=\"elementor-image-box-img\"><img decoding=\"async\" width=\"300\" height=\"196\" src=\"https:\/\/oficinadoarclimatizacao.com\/wp-content\/uploads\/2024\/01\/janela-300x196.jpg\" class=\"attachment-medium size-medium wp-image-2714\" alt=\"Imagem de Ar condicionado de Janela\" srcset=\"https:\/\/oficinadoarclimatizacao.com\/wp-content\/uploads\/2024\/01\/janela-300x196.jpg 300w, https:\/\/oficinadoarclimatizacao.com\/wp-content\/uploads\/2024\/01\/janela-768x502.jpg 768w, https:\/\/oficinadoarclimatizacao.com\/wp-content\/uploads\/2024\/01\/janela.jpg 1000w\" sizes=\"(max-width: 300px) 100vw, 300px\" \/><\/figure><div class=\"elementor-image-box-content\"><h2 class=\"elementor-image-box-title\">Janela<\/h2><p class=\"elementor-image-box-description\">Projetado para instala\u00e7\u00e3o em janelas, este tipo de ar condicionado \u00e9 compacto e conveniente. Ele \u00e9 uma op\u00e7\u00e3o pr\u00e1tica para resfriar espa\u00e7os pequenos, utilizando uma \u00fanica unidade para a troca de ar.<\/p><\/div><\/div>\t\t\t\t<\/div>\n\t\t\t\t<\/div>\n\t\t\t\t<\/div>\n\t\t<div class=\"elementor-element elementor-element-557ccc3 e-con-full e-flex wpr-particle-no wpr-jarallax-no wpr-parallax-no wpr-sticky-section-no e-con e-child\" data-id=\"557ccc3\" data-element_type=\"container\">\n\t\t\t\t<div class=\"elementor-element elementor-element-8473f81 elementor-position-top elementor-widget elementor-widget-image-box\" data-id=\"8473f81\" data-element_type=\"widget\" data-widget_type=\"image-box.default\">\n\t\t\t\t<div class=\"elementor-widget-container\">\n\t\t\t\t\t<div class=\"elementor-image-box-wrapper\"><figure class=\"elementor-image-box-img\"><img decoding=\"async\" width=\"300\" height=\"238\" src=\"https:\/\/oficinadoarclimatizacao.com\/wp-content\/uploads\/2024\/01\/multi-split-300x238.jpg\" class=\"attachment-medium size-medium wp-image-2712\" alt=\"Imagem de Multi Split\" srcset=\"https:\/\/oficinadoarclimatizacao.com\/wp-content\/uploads\/2024\/01\/multi-split-300x238.jpg 300w, https:\/\/oficinadoarclimatizacao.com\/wp-content\/uploads\/2024\/01\/multi-split-1024x811.jpg 1024w, https:\/\/oficinadoarclimatizacao.com\/wp-content\/uploads\/2024\/01\/multi-split-768x608.jpg 768w, https:\/\/oficinadoarclimatizacao.com\/wp-content\/uploads\/2024\/01\/multi-split.jpg 1200w\" sizes=\"(max-width: 300px) 100vw, 300px\" \/><\/figure><div class=\"elementor-image-box-content\"><h2 class=\"elementor-image-box-title\">MultiSplit<\/h2><p class=\"elementor-image-box-description\">Similar ao sistema split, o multi split permite a conex\u00e3o de v\u00e1rias unidades internas a uma \u00fanica unidade externa. \u00c9 uma solu\u00e7\u00e3o vers\u00e1til para resfriar m\u00faltiplos ambientes, oferecendo flexibilidade de controle.<\/p><\/div><\/div>\t\t\t\t<\/div>\n\t\t\t\t<\/div>\n\t\t\t\t<\/div>\n\t\t<div class=\"elementor-element elementor-element-fc37e05 e-con-full e-flex wpr-particle-no wpr-jarallax-no wpr-parallax-no wpr-sticky-section-no e-con e-child\" data-id=\"fc37e05\" data-element_type=\"container\">\n\t\t\t\t<div class=\"elementor-element elementor-element-448b287 elementor-position-top elementor-widget elementor-widget-image-box\" data-id=\"448b287\" data-element_type=\"widget\" data-widget_type=\"image-box.default\">\n\t\t\t\t<div class=\"elementor-widget-container\">\n\t\t\t\t\t<div class=\"elementor-image-box-wrapper\"><figure class=\"elementor-image-box-img\"><img loading=\"lazy\" decoding=\"async\" width=\"300\" height=\"300\" src=\"https:\/\/oficinadoarclimatizacao.com\/wp-content\/uploads\/2024\/01\/piso-teto-300x300.jpg\" class=\"attachment-medium size-medium wp-image-2722\" alt=\"Imagem de ar condicionado de Piso Teto\" srcset=\"https:\/\/oficinadoarclimatizacao.com\/wp-content\/uploads\/2024\/01\/piso-teto-300x300.jpg 300w, https:\/\/oficinadoarclimatizacao.com\/wp-content\/uploads\/2024\/01\/piso-teto-150x150.jpg 150w, https:\/\/oficinadoarclimatizacao.com\/wp-content\/uploads\/2024\/01\/piso-teto.jpg 677w\" sizes=\"(max-width: 300px) 100vw, 300px\" \/><\/figure><div class=\"elementor-image-box-content\"><h2 class=\"elementor-image-box-title\">Piso - Teto<\/h2><p class=\"elementor-image-box-description\">Vers\u00e1til, o piso-teto pode ser instalado tanto no ch\u00e3o quanto no teto. Resfria ambientes amplos, direcionando o ar para cima ou para baixo, sendo ideal para espa\u00e7os comerciais e industriais.<\/p><\/div><\/div>\t\t\t\t<\/div>\n\t\t\t\t<\/div>\n\t\t\t\t<\/div>\n\t\t<div class=\"elementor-element elementor-element-e11fdab e-con-full e-flex wpr-particle-no wpr-jarallax-no wpr-parallax-no wpr-sticky-section-no e-con e-child\" data-id=\"e11fdab\" data-element_type=\"container\">\n\t\t\t\t<div class=\"elementor-element elementor-element-76d297a elementor-position-top elementor-widget elementor-widget-image-box\" data-id=\"76d297a\" data-element_type=\"widget\" data-widget_type=\"image-box.default\">\n\t\t\t\t<div class=\"elementor-widget-container\">\n\t\t\t\t\t<div class=\"elementor-image-box-wrapper\"><figure class=\"elementor-image-box-img\"><img loading=\"lazy\" decoding=\"async\" width=\"300\" height=\"130\" src=\"https:\/\/oficinadoarclimatizacao.com\/wp-content\/uploads\/2024\/01\/cassete-300x130.jpg\" class=\"attachment-medium size-medium wp-image-2718\" alt=\"Imagem de Cassete\" srcset=\"https:\/\/oficinadoarclimatizacao.com\/wp-content\/uploads\/2024\/01\/cassete-300x130.jpg 300w, https:\/\/oficinadoarclimatizacao.com\/wp-content\/uploads\/2024\/01\/cassete-768x333.jpg 768w, https:\/\/oficinadoarclimatizacao.com\/wp-content\/uploads\/2024\/01\/cassete.jpg 920w\" sizes=\"(max-width: 300px) 100vw, 300px\" \/><\/figure><div class=\"elementor-image-box-content\"><h2 class=\"elementor-image-box-title\">Cassete<\/h2><p class=\"elementor-image-box-description\">Instalado no teto, o ar condicionado cassete \u00e9 embutido no forro, proporcionando uma distribui\u00e7\u00e3o uniforme de ar em todos os lados. \u00c9 uma op\u00e7\u00e3o est\u00e9tica e eficiente para espa\u00e7os comerciais e residenciais.\n\n<\/p><\/div><\/div>\t\t\t\t<\/div>\n\t\t\t\t<\/div>\n\t\t\t\t<\/div>\n\t\t\t\t<\/div>\n\t\t\t\t\t<\/div>\n\t\t\t\t<\/div>\n\t\t<div class=\"elementor-element elementor-element-f98996d e-flex e-con-boxed wpr-particle-no wpr-jarallax-no wpr-parallax-no wpr-sticky-section-no e-con e-child\" data-id=\"f98996d\" data-element_type=\"container\">\n\t\t\t\t\t<div class=\"e-con-inner\">\n\t\t<div class=\"elementor-element elementor-element-e749b7f e-con-full e-flex wpr-particle-no wpr-jarallax-no wpr-parallax-no wpr-sticky-section-no e-con e-child\" data-id=\"e749b7f\" data-element_type=\"container\">\n\t\t\t\t<div class=\"elementor-element elementor-element-d3dcb10 elementor-position-top elementor-widget elementor-widget-image-box\" data-id=\"d3dcb10\" data-element_type=\"widget\" data-widget_type=\"image-box.default\">\n\t\t\t\t<div class=\"elementor-widget-container\">\n\t\t\t\t\t<div class=\"elementor-image-box-wrapper\"><figure class=\"elementor-image-box-img\"><img loading=\"lazy\" decoding=\"async\" width=\"300\" height=\"300\" src=\"https:\/\/oficinadoarclimatizacao.com\/wp-content\/uploads\/2024\/01\/Cortina-de-Ar-Elgin-Compact-90-CM-220V-300x300.webp\" class=\"attachment-medium size-medium wp-image-2784\" alt=\"Imagem de cortina de ar\" srcset=\"https:\/\/oficinadoarclimatizacao.com\/wp-content\/uploads\/2024\/01\/Cortina-de-Ar-Elgin-Compact-90-CM-220V-300x300.webp 300w, https:\/\/oficinadoarclimatizacao.com\/wp-content\/uploads\/2024\/01\/Cortina-de-Ar-Elgin-Compact-90-CM-220V-150x150.webp 150w, https:\/\/oficinadoarclimatizacao.com\/wp-content\/uploads\/2024\/01\/Cortina-de-Ar-Elgin-Compact-90-CM-220V.webp 677w\" sizes=\"(max-width: 300px) 100vw, 300px\" \/><\/figure><div class=\"elementor-image-box-content\"><h2 class=\"elementor-image-box-title\">Cortina de ar<\/h2><p class=\"elementor-image-box-description\">Estabelece uma barreira de ar para isolar ambientes climatizados, utilizando correntes de ar para evitar a entrada de ar externo. \u00c9 comumente aplicada em estabelecimentos comerciais para preservar a temperatura interna e prevenir a presen\u00e7a de poeira e insetos.<\/p><\/div><\/div>\t\t\t\t<\/div>\n\t\t\t\t<\/div>\n\t\t\t\t<\/div>\n\t\t<div class=\"elementor-element elementor-element-0b4360c e-con-full e-flex wpr-particle-no wpr-jarallax-no wpr-parallax-no wpr-sticky-section-no e-con e-child\" data-id=\"0b4360c\" data-element_type=\"container\">\n\t\t\t\t<div class=\"elementor-element elementor-element-f89e104 elementor-position-top elementor-widget elementor-widget-image-box\" data-id=\"f89e104\" data-element_type=\"widget\" data-widget_type=\"image-box.default\">\n\t\t\t\t<div class=\"elementor-widget-container\">\n\t\t\t\t\t<div class=\"elementor-image-box-wrapper\"><figure class=\"elementor-image-box-img\"><img loading=\"lazy\" decoding=\"async\" width=\"300\" height=\"173\" src=\"https:\/\/oficinadoarclimatizacao.com\/wp-content\/uploads\/2024\/01\/duto-2-300x173.png\" class=\"attachment-medium size-medium wp-image-2786\" alt=\"Imagem de Duto\" srcset=\"https:\/\/oficinadoarclimatizacao.com\/wp-content\/uploads\/2024\/01\/duto-2-300x173.png 300w, https:\/\/oficinadoarclimatizacao.com\/wp-content\/uploads\/2024\/01\/duto-2.png 513w\" sizes=\"(max-width: 300px) 100vw, 300px\" \/><\/figure><div class=\"elementor-image-box-content\"><h2 class=\"elementor-image-box-title\">Duto<\/h2><p class=\"elementor-image-box-description\">Sistema central com dutos para distribui\u00e7\u00e3o do ar, o qual \u00e9 gerado centralmente, permitindo o controle individual por zonas. Ideal para edif\u00edcios de grande porte.<\/p><\/div><\/div>\t\t\t\t<\/div>\n\t\t\t\t<\/div>\n\t\t\t\t<\/div>\n\t\t<div class=\"elementor-element elementor-element-eb09863 e-con-full e-flex wpr-particle-no wpr-jarallax-no wpr-parallax-no wpr-sticky-section-no e-con e-child\" data-id=\"eb09863\" data-element_type=\"container\">\n\t\t\t\t<div class=\"elementor-element elementor-element-f7e06dc elementor-position-top elementor-widget elementor-widget-image-box\" data-id=\"f7e06dc\" data-element_type=\"widget\" data-widget_type=\"image-box.default\">\n\t\t\t\t<div class=\"elementor-widget-container\">\n\t\t\t\t\t<div class=\"elementor-image-box-wrapper\"><figure class=\"elementor-image-box-img\"><img loading=\"lazy\" decoding=\"async\" width=\"300\" height=\"203\" src=\"https:\/\/oficinadoarclimatizacao.com\/wp-content\/uploads\/2024\/01\/splitao-300x203.png\" class=\"attachment-medium size-medium wp-image-2787\" alt=\"Imagem de Split\u00e3o\" srcset=\"https:\/\/oficinadoarclimatizacao.com\/wp-content\/uploads\/2024\/01\/splitao-300x203.png 300w, https:\/\/oficinadoarclimatizacao.com\/wp-content\/uploads\/2024\/01\/splitao.png 690w\" sizes=\"(max-width: 300px) 100vw, 300px\" \/><\/figure><div class=\"elementor-image-box-content\"><h2 class=\"elementor-image-box-title\">Split\u00e3o<\/h2><p class=\"elementor-image-box-description\">Uma evolu\u00e7\u00e3o do sistema split projetada para ambientes mais amplos, o Split\u00e3o apresenta uma unidade dividida em partes interna e externa, proporcionando maior capacidade de refrigera\u00e7\u00e3o. Indicado especialmente para estabelecimentos comerciais e industriais de m\u00e9dio a grande porte.<\/p><\/div><\/div>\t\t\t\t<\/div>\n\t\t\t\t<\/div>\n\t\t\t\t<\/div>\n\t\t\t\t\t<\/div>\n\t\t\t\t<\/div>\n\t\t\t\t\t<\/div>\n\t\t\t\t<\/div>\n\t\t\t\t<\/div>\n\t\t","protected":false},"excerpt":{"rendered":"<p>Instala\u00e7\u00e3o Desenvolvemos projetos e instalamos diversos tipos de condicionadores de ar h\u00e1 mais de 12 anos, abrangendo desde o sistema split at\u00e9 os modernos e eficientes VRF e GHP, conhecidos por sua efic\u00e1cia e charme. Como uma empresa certificada, contamos com ferramentas de ponta e oferecemos garantia validada pelos principais fabricantes mundiais. VRFs e GHPs Representam avan\u00e7os tecnol\u00f3gicos em sistemas de climatiza\u00e7\u00e3o, oferecendo efici\u00eancia e controle personalizado em diferentes contextos de aplica\u00e7\u00e3o. Splits O sistema split consiste em unidades internas e externas conectadas, permitindo a refrigera\u00e7\u00e3o eficiente de ambientes individuais. A unidade interna \u00e9 instalada no interior, enquanto a externa fica do lado de fora.\u200b Janela Projetado para instala\u00e7\u00e3o em janelas, este tipo de ar condicionado \u00e9 compacto e conveniente. Ele \u00e9 uma op\u00e7\u00e3o pr\u00e1tica para resfriar espa\u00e7os pequenos, utilizando uma \u00fanica unidade para a troca de ar. MultiSplit Similar ao sistema split, o multi split permite a conex\u00e3o de v\u00e1rias unidades internas a uma \u00fanica unidade externa. \u00c9 uma solu\u00e7\u00e3o vers\u00e1til para resfriar m\u00faltiplos ambientes, oferecendo flexibilidade de controle. Piso &#8211; Teto Vers\u00e1til, o piso-teto pode ser instalado tanto no ch\u00e3o quanto no teto. Resfria ambientes amplos, direcionando o ar para cima ou para baixo, sendo ideal para espa\u00e7os comerciais e industriais. Cassete Instalado no teto, o ar condicionado cassete \u00e9 embutido no forro, proporcionando uma distribui\u00e7\u00e3o uniforme de ar em todos os lados. \u00c9 uma op\u00e7\u00e3o est\u00e9tica e eficiente para espa\u00e7os comerciais e residenciais. Cortina de ar Estabelece uma barreira de ar para isolar ambientes climatizados, utilizando correntes de ar para evitar a entrada de ar externo. \u00c9 comumente aplicada em estabelecimentos comerciais para preservar a temperatura interna e prevenir a presen\u00e7a de poeira e insetos. Duto Sistema central com dutos para distribui\u00e7\u00e3o do ar, o qual \u00e9 gerado centralmente, permitindo o controle individual por zonas. Ideal para edif\u00edcios de grande porte. Split\u00e3o Uma evolu\u00e7\u00e3o do sistema split projetada para ambientes mais amplos, o Split\u00e3o apresenta uma unidade dividida em partes interna e externa, proporcionando maior capacidade de refrigera\u00e7\u00e3o. Indicado especialmente para estabelecimentos comerciais e industriais de m\u00e9dio a grande porte.<\/p>\n","protected":false},"author":3,"featured_media":0,"parent":0,"menu_order":0,"comment_status":"closed","ping_status":"closed","template":"elementor_canvas","meta":{"footnotes":""},"class_list":["post-1828","page","type-page","status-publish","hentry"],"yoast_head":"<!-- This site is optimized with the Yoast SEO plugin v24.6 - https:\/\/yoast.com\/wordpress\/plugins\/seo\/ -->\n<title>Instala\u00e7\u00e3o - Oficina do Ar<\/title>\n<meta name=\"robots\" content=\"index, follow, max-snippet:-1, max-image-preview:large, max-video-preview:-1\" \/>\n<link rel=\"canonical\" href=\"https:\/\/oficinadoarclimatizacao.com\/index.php\/instalacao\/\" \/>\n<meta property=\"og:locale\" content=\"pt_BR\" \/>\n<meta property=\"og:type\" content=\"article\" \/>\n<meta property=\"og:title\" content=\"Instala\u00e7\u00e3o - Oficina do Ar\" \/>\n<meta property=\"og:description\" content=\"Instala\u00e7\u00e3o Desenvolvemos projetos e instalamos diversos tipos de condicionadores de ar h\u00e1 mais de 12 anos, abrangendo desde o sistema split at\u00e9 os modernos e eficientes VRF e GHP, conhecidos por sua efic\u00e1cia e charme. Como uma empresa certificada, contamos com ferramentas de ponta e oferecemos garantia validada pelos principais fabricantes mundiais. VRFs e GHPs Representam avan\u00e7os tecnol\u00f3gicos em sistemas de climatiza\u00e7\u00e3o, oferecendo efici\u00eancia e controle personalizado em diferentes contextos de aplica\u00e7\u00e3o. Splits O sistema split consiste em unidades internas e externas conectadas, permitindo a refrigera\u00e7\u00e3o eficiente de ambientes individuais. A unidade interna \u00e9 instalada no interior, enquanto a externa fica do lado de fora.\u200b Janela Projetado para instala\u00e7\u00e3o em janelas, este tipo de ar condicionado \u00e9 compacto e conveniente. Ele \u00e9 uma op\u00e7\u00e3o pr\u00e1tica para resfriar espa\u00e7os pequenos, utilizando uma \u00fanica unidade para a troca de ar. MultiSplit Similar ao sistema split, o multi split permite a conex\u00e3o de v\u00e1rias unidades internas a uma \u00fanica unidade externa. \u00c9 uma solu\u00e7\u00e3o vers\u00e1til para resfriar m\u00faltiplos ambientes, oferecendo flexibilidade de controle. Piso &#8211; Teto Vers\u00e1til, o piso-teto pode ser instalado tanto no ch\u00e3o quanto no teto. Resfria ambientes amplos, direcionando o ar para cima ou para baixo, sendo ideal para espa\u00e7os comerciais e industriais. Cassete Instalado no teto, o ar condicionado cassete \u00e9 embutido no forro, proporcionando uma distribui\u00e7\u00e3o uniforme de ar em todos os lados. \u00c9 uma op\u00e7\u00e3o est\u00e9tica e eficiente para espa\u00e7os comerciais e residenciais. Cortina de ar Estabelece uma barreira de ar para isolar ambientes climatizados, utilizando correntes de ar para evitar a entrada de ar externo. \u00c9 comumente aplicada em estabelecimentos comerciais para preservar a temperatura interna e prevenir a presen\u00e7a de poeira e insetos. Duto Sistema central com dutos para distribui\u00e7\u00e3o do ar, o qual \u00e9 gerado centralmente, permitindo o controle individual por zonas. Ideal para edif\u00edcios de grande porte. Split\u00e3o Uma evolu\u00e7\u00e3o do sistema split projetada para ambientes mais amplos, o Split\u00e3o apresenta uma unidade dividida em partes interna e externa, proporcionando maior capacidade de refrigera\u00e7\u00e3o. Indicado especialmente para estabelecimentos comerciais e industriais de m\u00e9dio a grande porte.\" \/>\n<meta property=\"og:url\" content=\"https:\/\/oficinadoarclimatizacao.com\/index.php\/instalacao\/\" \/>\n<meta property=\"og:site_name\" content=\"Oficina do Ar\" \/>\n<meta property=\"article:modified_time\" content=\"2025-03-11T23:17:52+00:00\" \/>\n<meta property=\"og:image\" content=\"https:\/\/oficinadoarclimatizacao.com\/wp-content\/uploads\/2024\/01\/split.jpg\" \/>\n\t<meta property=\"og:image:width\" content=\"1600\" \/>\n\t<meta property=\"og:image:height\" content=\"1062\" \/>\n\t<meta property=\"og:image:type\" content=\"image\/jpeg\" \/>\n<meta name=\"twitter:card\" content=\"summary_large_image\" \/>\n<meta name=\"twitter:label1\" content=\"Est. tempo de leitura\" \/>\n\t<meta name=\"twitter:data1\" content=\"4 minutos\" \/>\n<script type=\"application\/ld+json\" class=\"yoast-schema-graph\">{\"@context\":\"https:\/\/schema.org\",\"@graph\":[{\"@type\":\"WebPage\",\"@id\":\"https:\/\/oficinadoarclimatizacao.com\/index.php\/instalacao\/\",\"url\":\"https:\/\/oficinadoarclimatizacao.com\/index.php\/instalacao\/\",\"name\":\"Instala\u00e7\u00e3o - Oficina do Ar\",\"isPartOf\":{\"@id\":\"https:\/\/oficinadoarclimatizacao.com\/#website\"},\"primaryImageOfPage\":{\"@id\":\"https:\/\/oficinadoarclimatizacao.com\/index.php\/instalacao\/#primaryimage\"},\"image\":{\"@id\":\"https:\/\/oficinadoarclimatizacao.com\/index.php\/instalacao\/#primaryimage\"},\"thumbnailUrl\":\"https:\/\/oficinadoarclimatizacao.com\/wp-content\/uploads\/2024\/01\/split-768x510.jpg\",\"datePublished\":\"2024-01-13T19:26:46+00:00\",\"dateModified\":\"2025-03-11T23:17:52+00:00\",\"breadcrumb\":{\"@id\":\"https:\/\/oficinadoarclimatizacao.com\/index.php\/instalacao\/#breadcrumb\"},\"inLanguage\":\"pt-BR\",\"potentialAction\":[{\"@type\":\"ReadAction\",\"target\":[\"https:\/\/oficinadoarclimatizacao.com\/index.php\/instalacao\/\"]}]},{\"@type\":\"ImageObject\",\"inLanguage\":\"pt-BR\",\"@id\":\"https:\/\/oficinadoarclimatizacao.com\/index.php\/instalacao\/#primaryimage\",\"url\":\"https:\/\/oficinadoarclimatizacao.com\/wp-content\/uploads\/2024\/01\/split.jpg\",\"contentUrl\":\"https:\/\/oficinadoarclimatizacao.com\/wp-content\/uploads\/2024\/01\/split.jpg\",\"width\":1600,\"height\":1062,\"caption\":\"Tipo de ar condicionado - Split\"},{\"@type\":\"BreadcrumbList\",\"@id\":\"https:\/\/oficinadoarclimatizacao.com\/index.php\/instalacao\/#breadcrumb\",\"itemListElement\":[{\"@type\":\"ListItem\",\"position\":1,\"name\":\"In\u00edcio\",\"item\":\"https:\/\/oficinadoarclimatizacao.com\/\"},{\"@type\":\"ListItem\",\"position\":2,\"name\":\"Instala\u00e7\u00e3o\"}]},{\"@type\":\"WebSite\",\"@id\":\"https:\/\/oficinadoarclimatizacao.com\/#website\",\"url\":\"https:\/\/oficinadoarclimatizacao.com\/\",\"name\":\"Oficina do Ar\",\"description\":\"Criamos solu\u00e7\u00f5es em climatiza\u00e7\u00e3o transformando seus ambientes com inova\u00e7\u00e3o, conforto, qualidade e seguran\u00e7a\",\"publisher\":{\"@id\":\"https:\/\/oficinadoarclimatizacao.com\/#organization\"},\"potentialAction\":[{\"@type\":\"SearchAction\",\"target\":{\"@type\":\"EntryPoint\",\"urlTemplate\":\"https:\/\/oficinadoarclimatizacao.com\/?s={search_term_string}\"},\"query-input\":{\"@type\":\"PropertyValueSpecification\",\"valueRequired\":true,\"valueName\":\"search_term_string\"}}],\"inLanguage\":\"pt-BR\"},{\"@type\":\"Organization\",\"@id\":\"https:\/\/oficinadoarclimatizacao.com\/#organization\",\"name\":\"Oficina do Ar\",\"url\":\"https:\/\/oficinadoarclimatizacao.com\/\",\"logo\":{\"@type\":\"ImageObject\",\"inLanguage\":\"pt-BR\",\"@id\":\"https:\/\/oficinadoarclimatizacao.com\/#\/schema\/logo\/image\/\",\"url\":\"https:\/\/oficinadoarclimatizacao.com\/wp-content\/uploads\/2023\/06\/logo.png\",\"contentUrl\":\"https:\/\/oficinadoarclimatizacao.com\/wp-content\/uploads\/2023\/06\/logo.png\",\"width\":405,\"height\":119,\"caption\":\"Oficina do Ar\"},\"image\":{\"@id\":\"https:\/\/oficinadoarclimatizacao.com\/#\/schema\/logo\/image\/\"},\"sameAs\":[\"https:\/\/www.instagram.com\/oficinadoarclimatizacao\/\"]}]}<\/script>\n<!-- \/ Yoast SEO plugin. -->","yoast_head_json":{"title":"Instala\u00e7\u00e3o - Oficina do Ar","robots":{"index":"index","follow":"follow","max-snippet":"max-snippet:-1","max-image-preview":"max-image-preview:large","max-video-preview":"max-video-preview:-1"},"canonical":"https:\/\/oficinadoarclimatizacao.com\/index.php\/instalacao\/","og_locale":"pt_BR","og_type":"article","og_title":"Instala\u00e7\u00e3o - Oficina do Ar","og_description":"Instala\u00e7\u00e3o Desenvolvemos projetos e instalamos diversos tipos de condicionadores de ar h\u00e1 mais de 12 anos, abrangendo desde o sistema split at\u00e9 os modernos e eficientes VRF e GHP, conhecidos por sua efic\u00e1cia e charme. Como uma empresa certificada, contamos com ferramentas de ponta e oferecemos garantia validada pelos principais fabricantes mundiais. VRFs e GHPs Representam avan\u00e7os tecnol\u00f3gicos em sistemas de climatiza\u00e7\u00e3o, oferecendo efici\u00eancia e controle personalizado em diferentes contextos de aplica\u00e7\u00e3o. Splits O sistema split consiste em unidades internas e externas conectadas, permitindo a refrigera\u00e7\u00e3o eficiente de ambientes individuais. A unidade interna \u00e9 instalada no interior, enquanto a externa fica do lado de fora.\u200b Janela Projetado para instala\u00e7\u00e3o em janelas, este tipo de ar condicionado \u00e9 compacto e conveniente. Ele \u00e9 uma op\u00e7\u00e3o pr\u00e1tica para resfriar espa\u00e7os pequenos, utilizando uma \u00fanica unidade para a troca de ar. MultiSplit Similar ao sistema split, o multi split permite a conex\u00e3o de v\u00e1rias unidades internas a uma \u00fanica unidade externa. \u00c9 uma solu\u00e7\u00e3o vers\u00e1til para resfriar m\u00faltiplos ambientes, oferecendo flexibilidade de controle. Piso &#8211; Teto Vers\u00e1til, o piso-teto pode ser instalado tanto no ch\u00e3o quanto no teto. Resfria ambientes amplos, direcionando o ar para cima ou para baixo, sendo ideal para espa\u00e7os comerciais e industriais. Cassete Instalado no teto, o ar condicionado cassete \u00e9 embutido no forro, proporcionando uma distribui\u00e7\u00e3o uniforme de ar em todos os lados. \u00c9 uma op\u00e7\u00e3o est\u00e9tica e eficiente para espa\u00e7os comerciais e residenciais. Cortina de ar Estabelece uma barreira de ar para isolar ambientes climatizados, utilizando correntes de ar para evitar a entrada de ar externo. \u00c9 comumente aplicada em estabelecimentos comerciais para preservar a temperatura interna e prevenir a presen\u00e7a de poeira e insetos. Duto Sistema central com dutos para distribui\u00e7\u00e3o do ar, o qual \u00e9 gerado centralmente, permitindo o controle individual por zonas. Ideal para edif\u00edcios de grande porte. Split\u00e3o Uma evolu\u00e7\u00e3o do sistema split projetada para ambientes mais amplos, o Split\u00e3o apresenta uma unidade dividida em partes interna e externa, proporcionando maior capacidade de refrigera\u00e7\u00e3o. Indicado especialmente para estabelecimentos comerciais e industriais de m\u00e9dio a grande porte.","og_url":"https:\/\/oficinadoarclimatizacao.com\/index.php\/instalacao\/","og_site_name":"Oficina do Ar","article_modified_time":"2025-03-11T23:17:52+00:00","og_image":[{"width":1600,"height":1062,"url":"https:\/\/oficinadoarclimatizacao.com\/wp-content\/uploads\/2024\/01\/split.jpg","type":"image\/jpeg"}],"twitter_card":"summary_large_image","twitter_misc":{"Est. tempo de leitura":"4 minutos"},"schema":{"@context":"https:\/\/schema.org","@graph":[{"@type":"WebPage","@id":"https:\/\/oficinadoarclimatizacao.com\/index.php\/instalacao\/","url":"https:\/\/oficinadoarclimatizacao.com\/index.php\/instalacao\/","name":"Instala\u00e7\u00e3o - Oficina do Ar","isPartOf":{"@id":"https:\/\/oficinadoarclimatizacao.com\/#website"},"primaryImageOfPage":{"@id":"https:\/\/oficinadoarclimatizacao.com\/index.php\/instalacao\/#primaryimage"},"image":{"@id":"https:\/\/oficinadoarclimatizacao.com\/index.php\/instalacao\/#primaryimage"},"thumbnailUrl":"https:\/\/oficinadoarclimatizacao.com\/wp-content\/uploads\/2024\/01\/split-768x510.jpg","datePublished":"2024-01-13T19:26:46+00:00","dateModified":"2025-03-11T23:17:52+00:00","breadcrumb":{"@id":"https:\/\/oficinadoarclimatizacao.com\/index.php\/instalacao\/#breadcrumb"},"inLanguage":"pt-BR","potentialAction":[{"@type":"ReadAction","target":["https:\/\/oficinadoarclimatizacao.com\/index.php\/instalacao\/"]}]},{"@type":"ImageObject","inLanguage":"pt-BR","@id":"https:\/\/oficinadoarclimatizacao.com\/index.php\/instalacao\/#primaryimage","url":"https:\/\/oficinadoarclimatizacao.com\/wp-content\/uploads\/2024\/01\/split.jpg","contentUrl":"https:\/\/oficinadoarclimatizacao.com\/wp-content\/uploads\/2024\/01\/split.jpg","width":1600,"height":1062,"caption":"Tipo de ar condicionado - Split"},{"@type":"BreadcrumbList","@id":"https:\/\/oficinadoarclimatizacao.com\/index.php\/instalacao\/#breadcrumb","itemListElement":[{"@type":"ListItem","position":1,"name":"In\u00edcio","item":"https:\/\/oficinadoarclimatizacao.com\/"},{"@type":"ListItem","position":2,"name":"Instala\u00e7\u00e3o"}]},{"@type":"WebSite","@id":"https:\/\/oficinadoarclimatizacao.com\/#website","url":"https:\/\/oficinadoarclimatizacao.com\/","name":"Oficina do Ar","description":"Criamos solu\u00e7\u00f5es em climatiza\u00e7\u00e3o transformando seus ambientes com inova\u00e7\u00e3o, conforto, qualidade e seguran\u00e7a","publisher":{"@id":"https:\/\/oficinadoarclimatizacao.com\/#organization"},"potentialAction":[{"@type":"SearchAction","target":{"@type":"EntryPoint","urlTemplate":"https:\/\/oficinadoarclimatizacao.com\/?s={search_term_string}"},"query-input":{"@type":"PropertyValueSpecification","valueRequired":true,"valueName":"search_term_string"}}],"inLanguage":"pt-BR"},{"@type":"Organization","@id":"https:\/\/oficinadoarclimatizacao.com\/#organization","name":"Oficina do Ar","url":"https:\/\/oficinadoarclimatizacao.com\/","logo":{"@type":"ImageObject","inLanguage":"pt-BR","@id":"https:\/\/oficinadoarclimatizacao.com\/#\/schema\/logo\/image\/","url":"https:\/\/oficinadoarclimatizacao.com\/wp-content\/uploads\/2023\/06\/logo.png","contentUrl":"https:\/\/oficinadoarclimatizacao.com\/wp-content\/uploads\/2023\/06\/logo.png","width":405,"height":119,"caption":"Oficina do Ar"},"image":{"@id":"https:\/\/oficinadoarclimatizacao.com\/#\/schema\/logo\/image\/"},"sameAs":["https:\/\/www.instagram.com\/oficinadoarclimatizacao\/"]}]}},"_links":{"self":[{"href":"https:\/\/oficinadoarclimatizacao.com\/index.php\/wp-json\/wp\/v2\/pages\/1828","targetHints":{"allow":["GET"]}}],"collection":[{"href":"https:\/\/oficinadoarclimatizacao.com\/index.php\/wp-json\/wp\/v2\/pages"}],"about":[{"href":"https:\/\/oficinadoarclimatizacao.com\/index.php\/wp-json\/wp\/v2\/types\/page"}],"author":[{"embeddable":true,"href":"https:\/\/oficinadoarclimatizacao.com\/index.php\/wp-json\/wp\/v2\/users\/3"}],"replies":[{"embeddable":true,"href":"https:\/\/oficinadoarclimatizacao.com\/index.php\/wp-json\/wp\/v2\/comments?post=1828"}],"version-history":[{"count":3,"href":"https:\/\/oficinadoarclimatizacao.com\/index.php\/wp-json\/wp\/v2\/pages\/1828\/revisions"}],"predecessor-version":[{"id":2940,"href":"https:\/\/oficinadoarclimatizacao.com\/index.php\/wp-json\/wp\/v2\/pages\/1828\/revisions\/2940"}],"wp:attachment":[{"href":"https:\/\/oficinadoarclimatizacao.com\/index.php\/wp-json\/wp\/v2\/media?parent=1828"}],"curies":[{"name":"wp","href":"https:\/\/api.w.org\/{rel}","templated":true}]}}