{"id":590,"date":"2023-12-23T00:25:09","date_gmt":"2023-12-23T00:25:09","guid":{"rendered":"http:\/\/161.35.54.143\/?page_id=590"},"modified":"2024-02-06T18:54:58","modified_gmt":"2024-02-06T18:54:58","slug":"venda-de-equipamentos","status":"publish","type":"page","link":"https:\/\/oficinadoarclimatizacao.com\/index.php\/venda-de-equipamentos\/","title":{"rendered":"Venda de Equipamentos"},"content":{"rendered":"\t\t<div data-elementor-type=\"wp-page\" data-elementor-id=\"590\" class=\"elementor elementor-590\">\n\t\t\t\t<div class=\"elementor-element elementor-element-6ba1d522 e-flex e-con-boxed wpr-particle-no wpr-jarallax-no wpr-parallax-no wpr-sticky-section-no e-con e-parent\" data-id=\"6ba1d522\" data-element_type=\"container\">\n\t\t\t\t\t<div class=\"e-con-inner\">\n\t\t<div class=\"elementor-element elementor-element-70808880 e-con-full e-flex wpr-particle-no wpr-jarallax-no wpr-parallax-no wpr-sticky-section-no e-con e-child\" data-id=\"70808880\" data-element_type=\"container\">\n\t\t\t\t<div class=\"elementor-element elementor-element-1acfe3ff elementor-widget elementor-widget-heading\" data-id=\"1acfe3ff\" data-element_type=\"widget\" data-widget_type=\"heading.default\">\n\t\t\t\t<div class=\"elementor-widget-container\">\n\t\t\t\t\t<h1 class=\"elementor-heading-title elementor-size-default\">Venda de Equipamentos<\/h1>\t\t\t\t<\/div>\n\t\t\t\t<\/div>\n\t\t\t\t<\/div>\n\t\t<div class=\"elementor-element elementor-element-3ecf22f6 e-con-full e-flex wpr-particle-no wpr-jarallax-no wpr-parallax-no wpr-sticky-section-no e-con e-child\" data-id=\"3ecf22f6\" data-element_type=\"container\">\n\t\t\t\t<div class=\"elementor-element elementor-element-76f8de42 elementor-widget elementor-widget-text-editor\" data-id=\"76f8de42\" data-element_type=\"widget\" data-widget_type=\"text-editor.default\">\n\t\t\t\t<div class=\"elementor-widget-container\">\n\t\t\t\t\t\t\t\t\t<p>Vendemos sistemas <strong>VRF<\/strong>, Multisplits, splits, tipo <strong>k-7<\/strong>, piso teto, dutado, e <strong>Hi-wall<\/strong> tanto da linha inverter quanto con<span style=\"color: var( --e-global-color-text ); text-align: var(--text-align);\">vencional, condicionadores port\u00e1teis, fancooletes\/hidr\u00f4nicos, condicionadores de ar tipo Janela, Split\u00f5es e cortinas de ar!<\/span><\/p>\t\t\t\t\t\t\t\t<\/div>\n\t\t\t\t<\/div>\n\t\t\t\t<\/div>\n\t\t\t\t\t<\/div>\n\t\t\t\t<\/div>\n\t\t<div class=\"elementor-element elementor-element-22971bf2 e-con-full e-flex wpr-particle-no wpr-jarallax-no wpr-parallax-no wpr-sticky-section-no e-con e-parent\" data-id=\"22971bf2\" data-element_type=\"container\">\n\t\t<div class=\"elementor-element elementor-element-24ab97f6 e-flex e-con-boxed wpr-particle-no wpr-jarallax-no wpr-parallax-no wpr-sticky-section-no e-con e-child\" data-id=\"24ab97f6\" data-element_type=\"container\">\n\t\t\t\t\t<div class=\"e-con-inner\">\n\t\t<div class=\"elementor-element elementor-element-2247f246 e-flex e-con-boxed wpr-jarallax-no wpr-parallax-no wpr-sticky-section-no e-con e-child\" data-id=\"2247f246\" data-element_type=\"container\" data-settings=\"{&quot;background_background&quot;:&quot;slideshow&quot;,&quot;background_slideshow_gallery&quot;:[{&quot;id&quot;:2804,&quot;url&quot;:&quot;https:\\\/\\\/oficinadoarclimatizacao.com\\\/wp-content\\\/uploads\\\/2024\\\/01\\\/lg-hvac-vrf-system-gas-heat-pump-kv-ghp-super-3-ultimate-compatibility-convenience-d-_1_-e1706251045898.png&quot;},{&quot;id&quot;:2735,&quot;url&quot;:&quot;https:\\\/\\\/oficinadoarclimatizacao.com\\\/wp-content\\\/uploads\\\/2024\\\/01\\\/bg-instalacao-vrvinova-e1706243187687.jpg&quot;}],&quot;background_slideshow_ken_burns&quot;:&quot;yes&quot;,&quot;background_slideshow_loop&quot;:&quot;yes&quot;,&quot;background_slideshow_slide_duration&quot;:5000,&quot;background_slideshow_slide_transition&quot;:&quot;fade&quot;,&quot;background_slideshow_transition_duration&quot;:500,&quot;background_slideshow_ken_burns_zoom_direction&quot;:&quot;in&quot;}\">\n\t\t\t\t\t<div class=\"e-con-inner\">\n\t\t<div class=\"elementor-element elementor-element-24e0634b e-con-full e-flex wpr-particle-no wpr-jarallax-no wpr-parallax-no wpr-sticky-section-no e-con e-child\" data-id=\"24e0634b\" data-element_type=\"container\">\n\t\t\t\t<div class=\"elementor-element elementor-element-21555895 elementor-widget elementor-widget-heading\" data-id=\"21555895\" data-element_type=\"widget\" data-widget_type=\"heading.default\">\n\t\t\t\t<div class=\"elementor-widget-container\">\n\t\t\t\t\t<h2 class=\"elementor-heading-title elementor-size-default\">VRFs e GHPs<\/h2>\t\t\t\t<\/div>\n\t\t\t\t<\/div>\n\t\t\t\t<div class=\"elementor-element elementor-element-65316c19 elementor-widget elementor-widget-text-editor\" data-id=\"65316c19\" data-element_type=\"widget\" data-widget_type=\"text-editor.default\">\n\t\t\t\t<div class=\"elementor-widget-container\">\n\t\t\t\t\t\t\t\t\t<div class=\"w-full text-token-text-primary\" data-testid=\"conversation-turn-17\"><div class=\"px-4 py-2 justify-center text-base md:gap-6 m-auto\"><div class=\"flex flex-1 text-base mx-auto gap-3 md:px-5 lg:px-1 xl:px-5 md:max-w-3xl lg:max-w-[40rem] xl:max-w-[48rem] group\"><div class=\"relative flex w-full flex-col lg:w-[calc(100%-115px)] agent-turn\"><div class=\"flex-col gap-1 md:gap-3\"><div class=\"flex flex-grow flex-col max-w-full\"><div class=\"min-h-[20px] text-message flex flex-col items-start gap-3 whitespace-pre-wrap break-words [.text-message+&amp;]:mt-5 overflow-x-auto\" data-message-author-role=\"assistant\" data-message-id=\"c71af37a-b7b6-4af6-80c7-5b771e26f0f6\"><div class=\"markdown prose w-full break-words dark:prose-invert light\"><p>Representam avan\u00e7os tecnol\u00f3gicos em sistemas de climatiza\u00e7\u00e3o, oferecendo efici\u00eancia e controle personalizado em diferentes contextos de aplica\u00e7\u00e3o.<\/p><\/div><\/div><\/div><\/div><\/div><\/div><\/div><\/div>\t\t\t\t\t\t\t\t<\/div>\n\t\t\t\t<\/div>\n\t\t\t\t<\/div>\n\t\t\t\t\t<\/div>\n\t\t\t\t<\/div>\n\t\t\t\t\t<\/div>\n\t\t\t\t<\/div>\n\t\t\t\t<\/div>\n\t\t\t\t<section class=\"elementor-section elementor-top-section elementor-element elementor-element-aeb5569 elementor-section-boxed elementor-section-height-default elementor-section-height-default wpr-particle-no wpr-jarallax-no wpr-parallax-no wpr-sticky-section-no\" data-id=\"aeb5569\" data-element_type=\"section\">\n\t\t\t\t\t\t<div class=\"elementor-container elementor-column-gap-wide\">\n\t\t\t\t\t<div class=\"elementor-column elementor-col-50 elementor-top-column elementor-element elementor-element-07e827b\" data-id=\"07e827b\" data-element_type=\"column\">\n\t\t\t<div class=\"elementor-widget-wrap elementor-element-populated\">\n\t\t\t\t\t\t<div class=\"elementor-element elementor-element-c23b3be elementor-widget-laptop__width-initial elementor-position-top elementor-widget elementor-widget-image-box\" data-id=\"c23b3be\" data-element_type=\"widget\" data-widget_type=\"image-box.default\">\n\t\t\t\t<div class=\"elementor-widget-container\">\n\t\t\t\t\t<div class=\"elementor-image-box-wrapper\"><figure class=\"elementor-image-box-img\"><img fetchpriority=\"high\" decoding=\"async\" width=\"300\" height=\"196\" src=\"https:\/\/oficinadoarclimatizacao.com\/wp-content\/uploads\/2024\/01\/janela-300x196.jpg\" class=\"attachment-medium size-medium wp-image-2714\" alt=\"Imagem de Ar condicionado de Janela\" srcset=\"https:\/\/oficinadoarclimatizacao.com\/wp-content\/uploads\/2024\/01\/janela-300x196.jpg 300w, https:\/\/oficinadoarclimatizacao.com\/wp-content\/uploads\/2024\/01\/janela-768x502.jpg 768w, https:\/\/oficinadoarclimatizacao.com\/wp-content\/uploads\/2024\/01\/janela.jpg 1000w\" sizes=\"(max-width: 300px) 100vw, 300px\" \/><\/figure><div class=\"elementor-image-box-content\"><h2 class=\"elementor-image-box-title\">Janela <\/h2><\/div><\/div>\t\t\t\t<\/div>\n\t\t\t\t<\/div>\n\t\t\t\t<div class=\"elementor-element elementor-element-e997a27 elementor-widget elementor-widget-text-editor\" data-id=\"e997a27\" data-element_type=\"widget\" data-widget_type=\"text-editor.default\">\n\t\t\t\t<div class=\"elementor-widget-container\">\n\t\t\t\t\t\t\t\t\t<p>Projetado para instala\u00e7\u00e3o em janelas, este tipo de ar condicionado \u00e9 compacto e conveniente. Ele \u00e9 uma op\u00e7\u00e3o pr\u00e1tica para resfriar espa\u00e7os pequenos, utilizando uma \u00fanica unidade para a troca de ar.<\/p>\t\t\t\t\t\t\t\t<\/div>\n\t\t\t\t<\/div>\n\t\t\t\t\t<\/div>\n\t\t<\/div>\n\t\t\t\t<div class=\"elementor-column elementor-col-50 elementor-top-column elementor-element elementor-element-0438e2a\" data-id=\"0438e2a\" data-element_type=\"column\">\n\t\t\t<div class=\"elementor-widget-wrap elementor-element-populated\">\n\t\t\t\t\t\t<div class=\"elementor-element elementor-element-4dbfc1a elementor-position-top elementor-widget elementor-widget-image-box\" data-id=\"4dbfc1a\" data-element_type=\"widget\" data-widget_type=\"image-box.default\">\n\t\t\t\t<div class=\"elementor-widget-container\">\n\t\t\t\t\t<div class=\"elementor-image-box-wrapper\"><figure class=\"elementor-image-box-img\"><img decoding=\"async\" width=\"300\" height=\"238\" src=\"https:\/\/oficinadoarclimatizacao.com\/wp-content\/uploads\/2024\/01\/multi-split-300x238.jpg\" class=\"attachment-medium size-medium wp-image-2712\" alt=\"Imagem de Multi Split\" srcset=\"https:\/\/oficinadoarclimatizacao.com\/wp-content\/uploads\/2024\/01\/multi-split-300x238.jpg 300w, https:\/\/oficinadoarclimatizacao.com\/wp-content\/uploads\/2024\/01\/multi-split-1024x811.jpg 1024w, https:\/\/oficinadoarclimatizacao.com\/wp-content\/uploads\/2024\/01\/multi-split-768x608.jpg 768w, https:\/\/oficinadoarclimatizacao.com\/wp-content\/uploads\/2024\/01\/multi-split.jpg 1200w\" sizes=\"(max-width: 300px) 100vw, 300px\" \/><\/figure><div class=\"elementor-image-box-content\"><h2 class=\"elementor-image-box-title\">MultiSplit<\/h2><\/div><\/div>\t\t\t\t<\/div>\n\t\t\t\t<\/div>\n\t\t\t\t<div class=\"elementor-element elementor-element-e42e1ec elementor-widget-laptop__width-initial elementor-widget elementor-widget-text-editor\" data-id=\"e42e1ec\" data-element_type=\"widget\" data-widget_type=\"text-editor.default\">\n\t\t\t\t<div class=\"elementor-widget-container\">\n\t\t\t\t\t\t\t\t\t<p>Similar ao sistema split, o multi split permite a conex\u00e3o de v\u00e1rias unidades internas a uma \u00fanica unidade externa. \u00c9 uma solu\u00e7\u00e3o vers\u00e1til para resfriar m\u00faltiplos ambientes, oferecendo flexibilidade de controle.<\/p>\t\t\t\t\t\t\t\t<\/div>\n\t\t\t\t<\/div>\n\t\t\t\t\t<\/div>\n\t\t<\/div>\n\t\t\t\t\t<\/div>\n\t\t<\/section>\n\t\t\t\t<section class=\"elementor-section elementor-top-section elementor-element elementor-element-655c8a6 elementor-section-boxed elementor-section-height-default elementor-section-height-default wpr-particle-no wpr-jarallax-no wpr-parallax-no wpr-sticky-section-no\" data-id=\"655c8a6\" data-element_type=\"section\">\n\t\t\t\t\t\t<div class=\"elementor-container elementor-column-gap-wide\">\n\t\t\t\t\t<div class=\"elementor-column elementor-col-33 elementor-top-column elementor-element elementor-element-cd16e66\" data-id=\"cd16e66\" data-element_type=\"column\">\n\t\t\t<div class=\"elementor-widget-wrap elementor-element-populated\">\n\t\t\t\t\t\t<div class=\"elementor-element elementor-element-11ad6cb elementor-position-top elementor-widget elementor-widget-image-box\" data-id=\"11ad6cb\" data-element_type=\"widget\" data-widget_type=\"image-box.default\">\n\t\t\t\t<div class=\"elementor-widget-container\">\n\t\t\t\t\t<div class=\"elementor-image-box-wrapper\"><figure class=\"elementor-image-box-img\"><img decoding=\"async\" width=\"300\" height=\"300\" src=\"https:\/\/oficinadoarclimatizacao.com\/wp-content\/uploads\/2024\/01\/piso-teto-300x300.jpg\" class=\"attachment-medium size-medium wp-image-2722\" alt=\"Imagem de ar condicionado de Piso Teto\" srcset=\"https:\/\/oficinadoarclimatizacao.com\/wp-content\/uploads\/2024\/01\/piso-teto-300x300.jpg 300w, https:\/\/oficinadoarclimatizacao.com\/wp-content\/uploads\/2024\/01\/piso-teto-150x150.jpg 150w, https:\/\/oficinadoarclimatizacao.com\/wp-content\/uploads\/2024\/01\/piso-teto.jpg 677w\" sizes=\"(max-width: 300px) 100vw, 300px\" \/><\/figure><div class=\"elementor-image-box-content\"><h2 class=\"elementor-image-box-title\">Piso - Teto\u200b<\/h2><\/div><\/div>\t\t\t\t<\/div>\n\t\t\t\t<\/div>\n\t\t\t\t<div class=\"elementor-element elementor-element-b28f369 elementor-widget elementor-widget-text-editor\" data-id=\"b28f369\" data-element_type=\"widget\" data-widget_type=\"text-editor.default\">\n\t\t\t\t<div class=\"elementor-widget-container\">\n\t\t\t\t\t\t\t\t\t<p>Vers\u00e1til, o piso-teto pode ser instalado tanto no ch\u00e3o quanto no teto. Resfria ambientes amplos, direcionando o ar para cima ou para baixo, sendo ideal para espa\u00e7os comerciais e industriais.<\/p>\t\t\t\t\t\t\t\t<\/div>\n\t\t\t\t<\/div>\n\t\t\t\t\t<\/div>\n\t\t<\/div>\n\t\t\t\t<div class=\"elementor-column elementor-col-33 elementor-top-column elementor-element elementor-element-8bbb3d4\" data-id=\"8bbb3d4\" data-element_type=\"column\">\n\t\t\t<div class=\"elementor-widget-wrap elementor-element-populated\">\n\t\t\t\t\t\t<div class=\"elementor-element elementor-element-b29dc3a elementor-position-top elementor-widget elementor-widget-image-box\" data-id=\"b29dc3a\" data-element_type=\"widget\" data-widget_type=\"image-box.default\">\n\t\t\t\t<div class=\"elementor-widget-container\">\n\t\t\t\t\t<div class=\"elementor-image-box-wrapper\"><figure class=\"elementor-image-box-img\"><img loading=\"lazy\" decoding=\"async\" width=\"300\" height=\"130\" src=\"https:\/\/oficinadoarclimatizacao.com\/wp-content\/uploads\/2024\/01\/cassete-300x130.jpg\" class=\"attachment-medium size-medium wp-image-2718\" alt=\"Imagem de Cassete\" srcset=\"https:\/\/oficinadoarclimatizacao.com\/wp-content\/uploads\/2024\/01\/cassete-300x130.jpg 300w, https:\/\/oficinadoarclimatizacao.com\/wp-content\/uploads\/2024\/01\/cassete-768x333.jpg 768w, https:\/\/oficinadoarclimatizacao.com\/wp-content\/uploads\/2024\/01\/cassete.jpg 920w\" sizes=\"(max-width: 300px) 100vw, 300px\" \/><\/figure><div class=\"elementor-image-box-content\"><h2 class=\"elementor-image-box-title\">Cassete\u200b<\/h2><\/div><\/div>\t\t\t\t<\/div>\n\t\t\t\t<\/div>\n\t\t\t\t<div class=\"elementor-element elementor-element-6080145 elementor-widget elementor-widget-text-editor\" data-id=\"6080145\" data-element_type=\"widget\" data-widget_type=\"text-editor.default\">\n\t\t\t\t<div class=\"elementor-widget-container\">\n\t\t\t\t\t\t\t\t\t<p>Instalado no teto, o ar condicionado cassete \u00e9 embutido no forro, proporcionando uma distribui\u00e7\u00e3o uniforme de ar em todos os lados. \u00c9 uma op\u00e7\u00e3o est\u00e9tica e eficiente para espa\u00e7os comerciais e residenciais.<\/p>\t\t\t\t\t\t\t\t<\/div>\n\t\t\t\t<\/div>\n\t\t\t\t\t<\/div>\n\t\t<\/div>\n\t\t\t\t<div class=\"elementor-column elementor-col-33 elementor-top-column elementor-element elementor-element-c7c6f2a\" data-id=\"c7c6f2a\" data-element_type=\"column\">\n\t\t\t<div class=\"elementor-widget-wrap elementor-element-populated\">\n\t\t\t\t\t\t<div class=\"elementor-element elementor-element-7a71134 elementor-position-top elementor-widget elementor-widget-image-box\" data-id=\"7a71134\" data-element_type=\"widget\" data-widget_type=\"image-box.default\">\n\t\t\t\t<div class=\"elementor-widget-container\">\n\t\t\t\t\t<div class=\"elementor-image-box-wrapper\"><figure class=\"elementor-image-box-img\"><img loading=\"lazy\" decoding=\"async\" width=\"300\" height=\"199\" src=\"https:\/\/oficinadoarclimatizacao.com\/wp-content\/uploads\/2024\/01\/split-300x199.jpg\" class=\"attachment-medium size-medium wp-image-2711\" alt=\"Imagem de um Split\" srcset=\"https:\/\/oficinadoarclimatizacao.com\/wp-content\/uploads\/2024\/01\/split-300x199.jpg 300w, https:\/\/oficinadoarclimatizacao.com\/wp-content\/uploads\/2024\/01\/split-1024x680.jpg 1024w, https:\/\/oficinadoarclimatizacao.com\/wp-content\/uploads\/2024\/01\/split-768x510.jpg 768w, https:\/\/oficinadoarclimatizacao.com\/wp-content\/uploads\/2024\/01\/split-1536x1020.jpg 1536w, https:\/\/oficinadoarclimatizacao.com\/wp-content\/uploads\/2024\/01\/split.jpg 1600w\" sizes=\"(max-width: 300px) 100vw, 300px\" \/><\/figure><div class=\"elementor-image-box-content\"><h2 class=\"elementor-image-box-title\">Splits<\/h2><\/div><\/div>\t\t\t\t<\/div>\n\t\t\t\t<\/div>\n\t\t\t\t<div class=\"elementor-element elementor-element-183da4f elementor-widget elementor-widget-text-editor\" data-id=\"183da4f\" data-element_type=\"widget\" data-widget_type=\"text-editor.default\">\n\t\t\t\t<div class=\"elementor-widget-container\">\n\t\t\t\t\t\t\t\t\t<p>O sistema split consiste em unidades internas e externas conectadas, permitindo a refrigera\u00e7\u00e3o eficiente de ambientes individuais. A unidade interna \u00e9 instalada no interior, enquanto a externa fica do lado de fora.\u200b<\/p>\t\t\t\t\t\t\t\t<\/div>\n\t\t\t\t<\/div>\n\t\t\t\t\t<\/div>\n\t\t<\/div>\n\t\t\t\t\t<\/div>\n\t\t<\/section>\n\t\t\t\t<section class=\"elementor-section elementor-top-section elementor-element elementor-element-74eb0e2 elementor-section-boxed elementor-section-height-default elementor-section-height-default wpr-particle-no wpr-jarallax-no wpr-parallax-no wpr-sticky-section-no\" data-id=\"74eb0e2\" data-element_type=\"section\">\n\t\t\t\t\t\t<div class=\"elementor-container elementor-column-gap-wide\">\n\t\t\t\t\t<div class=\"elementor-column elementor-col-33 elementor-top-column elementor-element elementor-element-a85953a\" data-id=\"a85953a\" data-element_type=\"column\">\n\t\t\t<div class=\"elementor-widget-wrap elementor-element-populated\">\n\t\t\t\t\t\t<div class=\"elementor-element elementor-element-b45ccc4 elementor-widget-laptop__width-initial elementor-position-top elementor-widget elementor-widget-image-box\" data-id=\"b45ccc4\" data-element_type=\"widget\" data-widget_type=\"image-box.default\">\n\t\t\t\t<div class=\"elementor-widget-container\">\n\t\t\t\t\t<div class=\"elementor-image-box-wrapper\"><figure class=\"elementor-image-box-img\"><img loading=\"lazy\" decoding=\"async\" width=\"300\" height=\"173\" src=\"https:\/\/oficinadoarclimatizacao.com\/wp-content\/uploads\/2024\/01\/duto-2-300x173.png\" class=\"attachment-medium size-medium wp-image-2786\" alt=\"Imagem de Duto\" srcset=\"https:\/\/oficinadoarclimatizacao.com\/wp-content\/uploads\/2024\/01\/duto-2-300x173.png 300w, https:\/\/oficinadoarclimatizacao.com\/wp-content\/uploads\/2024\/01\/duto-2.png 513w\" sizes=\"(max-width: 300px) 100vw, 300px\" \/><\/figure><div class=\"elementor-image-box-content\"><h2 class=\"elementor-image-box-title\">Duto<\/h2><\/div><\/div>\t\t\t\t<\/div>\n\t\t\t\t<\/div>\n\t\t\t\t<div class=\"elementor-element elementor-element-becba8d elementor-widget elementor-widget-text-editor\" data-id=\"becba8d\" data-element_type=\"widget\" data-widget_type=\"text-editor.default\">\n\t\t\t\t<div class=\"elementor-widget-container\">\n\t\t\t\t\t\t\t\t\t<p>Sistema central com dutos para distribui\u00e7\u00e3o do ar, o qual \u00e9 gerado centralmente, permitindo o controle individual por zonas. Ideal para edif\u00edcios de grande porte.<\/p>\t\t\t\t\t\t\t\t<\/div>\n\t\t\t\t<\/div>\n\t\t\t\t\t<\/div>\n\t\t<\/div>\n\t\t\t\t<div class=\"elementor-column elementor-col-33 elementor-top-column elementor-element elementor-element-8ff991b\" data-id=\"8ff991b\" data-element_type=\"column\">\n\t\t\t<div class=\"elementor-widget-wrap elementor-element-populated\">\n\t\t\t\t\t\t<div class=\"elementor-element elementor-element-47ad8c4 elementor-position-top elementor-widget elementor-widget-image-box\" data-id=\"47ad8c4\" data-element_type=\"widget\" data-widget_type=\"image-box.default\">\n\t\t\t\t<div class=\"elementor-widget-container\">\n\t\t\t\t\t<div class=\"elementor-image-box-wrapper\"><figure class=\"elementor-image-box-img\"><img loading=\"lazy\" decoding=\"async\" width=\"690\" height=\"466\" src=\"https:\/\/oficinadoarclimatizacao.com\/wp-content\/uploads\/2024\/01\/splitao.png\" class=\"attachment-full size-full wp-image-2787\" alt=\"Imagem de Split\u00e3o\" srcset=\"https:\/\/oficinadoarclimatizacao.com\/wp-content\/uploads\/2024\/01\/splitao.png 690w, https:\/\/oficinadoarclimatizacao.com\/wp-content\/uploads\/2024\/01\/splitao-300x203.png 300w\" sizes=\"(max-width: 690px) 100vw, 690px\" \/><\/figure><div class=\"elementor-image-box-content\"><h2 class=\"elementor-image-box-title\">Split\u00e3o\u200b<\/h2><\/div><\/div>\t\t\t\t<\/div>\n\t\t\t\t<\/div>\n\t\t\t\t<div class=\"elementor-element elementor-element-b477278 elementor-widget elementor-widget-text-editor\" data-id=\"b477278\" data-element_type=\"widget\" data-widget_type=\"text-editor.default\">\n\t\t\t\t<div class=\"elementor-widget-container\">\n\t\t\t\t\t\t\t\t\t<p>Uma evolu\u00e7\u00e3o do sistema split projetada para ambientes mais amplos, o Split\u00e3o apresenta uma unidade dividida em partes interna e externa, proporcionando maior capacidade de refrigera\u00e7\u00e3o. Indicado especialmente para estabelecimentos comerciais e industriais de m\u00e9dio a grande porte.<\/p>\t\t\t\t\t\t\t\t<\/div>\n\t\t\t\t<\/div>\n\t\t\t\t\t<\/div>\n\t\t<\/div>\n\t\t\t\t<div class=\"elementor-column elementor-col-33 elementor-top-column elementor-element elementor-element-36a8639\" data-id=\"36a8639\" data-element_type=\"column\">\n\t\t\t<div class=\"elementor-widget-wrap elementor-element-populated\">\n\t\t\t\t\t\t<div class=\"elementor-element elementor-element-69e391a elementor-widget-laptop__width-initial elementor-position-top elementor-widget elementor-widget-image-box\" data-id=\"69e391a\" data-element_type=\"widget\" data-widget_type=\"image-box.default\">\n\t\t\t\t<div class=\"elementor-widget-container\">\n\t\t\t\t\t<div class=\"elementor-image-box-wrapper\"><figure class=\"elementor-image-box-img\"><img loading=\"lazy\" decoding=\"async\" width=\"300\" height=\"300\" src=\"https:\/\/oficinadoarclimatizacao.com\/wp-content\/uploads\/2024\/01\/Cortina-de-Ar-Elgin-Compact-90-CM-220V-300x300.webp\" class=\"attachment-medium size-medium wp-image-2784\" alt=\"Imagem de cortina de ar\" srcset=\"https:\/\/oficinadoarclimatizacao.com\/wp-content\/uploads\/2024\/01\/Cortina-de-Ar-Elgin-Compact-90-CM-220V-300x300.webp 300w, https:\/\/oficinadoarclimatizacao.com\/wp-content\/uploads\/2024\/01\/Cortina-de-Ar-Elgin-Compact-90-CM-220V-150x150.webp 150w, https:\/\/oficinadoarclimatizacao.com\/wp-content\/uploads\/2024\/01\/Cortina-de-Ar-Elgin-Compact-90-CM-220V.webp 677w\" sizes=\"(max-width: 300px) 100vw, 300px\" \/><\/figure><div class=\"elementor-image-box-content\"><h2 class=\"elementor-image-box-title\">Cortina de ar<\/h2><\/div><\/div>\t\t\t\t<\/div>\n\t\t\t\t<\/div>\n\t\t\t\t<div class=\"elementor-element elementor-element-cb6059a elementor-widget-laptop__width-initial elementor-widget elementor-widget-text-editor\" data-id=\"cb6059a\" data-element_type=\"widget\" data-widget_type=\"text-editor.default\">\n\t\t\t\t<div class=\"elementor-widget-container\">\n\t\t\t\t\t\t\t\t\t<p><br \/>Estabelece uma barreira de ar para isolar ambientes climatizados, utilizando correntes de ar para evitar a entrada de ar externo. \u00c9 comumente aplicada em estabelecimentos comerciais para preservar a temperatura interna e prevenir a presen\u00e7a de poeira e insetos.<\/p>\t\t\t\t\t\t\t\t<\/div>\n\t\t\t\t<\/div>\n\t\t\t\t\t<\/div>\n\t\t<\/div>\n\t\t\t\t\t<\/div>\n\t\t<\/section>\n\t\t\t\t<\/div>\n\t\t","protected":false},"excerpt":{"rendered":"<p>Venda de Equipamentos Vendemos sistemas VRF, Multisplits, splits, tipo k-7, piso teto, dutado, e Hi-wall tanto da linha inverter quanto convencional, condicionadores port\u00e1teis, fancooletes\/hidr\u00f4nicos, condicionadores de ar tipo Janela, Split\u00f5es e cortinas de ar! VRFs e GHPs Representam avan\u00e7os tecnol\u00f3gicos em sistemas de climatiza\u00e7\u00e3o, oferecendo efici\u00eancia e controle personalizado em diferentes contextos de aplica\u00e7\u00e3o. Janela Projetado para instala\u00e7\u00e3o em janelas, este tipo de ar condicionado \u00e9 compacto e conveniente. Ele \u00e9 uma op\u00e7\u00e3o pr\u00e1tica para resfriar espa\u00e7os pequenos, utilizando uma \u00fanica unidade para a troca de ar. MultiSplit Similar ao sistema split, o multi split permite a conex\u00e3o de v\u00e1rias unidades internas a uma \u00fanica unidade externa. \u00c9 uma solu\u00e7\u00e3o vers\u00e1til para resfriar m\u00faltiplos ambientes, oferecendo flexibilidade de controle. Piso &#8211; Teto\u200b Vers\u00e1til, o piso-teto pode ser instalado tanto no ch\u00e3o quanto no teto. Resfria ambientes amplos, direcionando o ar para cima ou para baixo, sendo ideal para espa\u00e7os comerciais e industriais. Cassete\u200b Instalado no teto, o ar condicionado cassete \u00e9 embutido no forro, proporcionando uma distribui\u00e7\u00e3o uniforme de ar em todos os lados. \u00c9 uma op\u00e7\u00e3o est\u00e9tica e eficiente para espa\u00e7os comerciais e residenciais. Splits O sistema split consiste em unidades internas e externas conectadas, permitindo a refrigera\u00e7\u00e3o eficiente de ambientes individuais. A unidade interna \u00e9 instalada no interior, enquanto a externa fica do lado de fora.\u200b Duto Sistema central com dutos para distribui\u00e7\u00e3o do ar, o qual \u00e9 gerado centralmente, permitindo o controle individual por zonas. Ideal para edif\u00edcios de grande porte. Split\u00e3o\u200b Uma evolu\u00e7\u00e3o do sistema split projetada para ambientes mais amplos, o Split\u00e3o apresenta uma unidade dividida em partes interna e externa, proporcionando maior capacidade de refrigera\u00e7\u00e3o. Indicado especialmente para estabelecimentos comerciais e industriais de m\u00e9dio a grande porte. Cortina de ar Estabelece uma barreira de ar para isolar ambientes climatizados, utilizando correntes de ar para evitar a entrada de ar externo. \u00c9 comumente aplicada em estabelecimentos comerciais para preservar a temperatura interna e prevenir a presen\u00e7a de poeira e insetos.<\/p>\n","protected":false},"author":3,"featured_media":0,"parent":0,"menu_order":0,"comment_status":"closed","ping_status":"closed","template":"elementor_canvas","meta":{"footnotes":""},"class_list":["post-590","page","type-page","status-publish","hentry"],"yoast_head":"<!-- This site is optimized with the Yoast SEO plugin v24.6 - https:\/\/yoast.com\/wordpress\/plugins\/seo\/ -->\n<title>Venda de Equipamentos - Oficina do Ar<\/title>\n<meta name=\"robots\" content=\"index, follow, max-snippet:-1, max-image-preview:large, max-video-preview:-1\" \/>\n<link rel=\"canonical\" href=\"https:\/\/oficinadoarclimatizacao.com\/index.php\/venda-de-equipamentos\/\" \/>\n<meta property=\"og:locale\" content=\"pt_BR\" \/>\n<meta property=\"og:type\" content=\"article\" \/>\n<meta property=\"og:title\" content=\"Venda de Equipamentos - Oficina do Ar\" \/>\n<meta property=\"og:description\" content=\"Venda de Equipamentos Vendemos sistemas VRF, Multisplits, splits, tipo k-7, piso teto, dutado, e Hi-wall tanto da linha inverter quanto convencional, condicionadores port\u00e1teis, fancooletes\/hidr\u00f4nicos, condicionadores de ar tipo Janela, Split\u00f5es e cortinas de ar! VRFs e GHPs Representam avan\u00e7os tecnol\u00f3gicos em sistemas de climatiza\u00e7\u00e3o, oferecendo efici\u00eancia e controle personalizado em diferentes contextos de aplica\u00e7\u00e3o. Janela Projetado para instala\u00e7\u00e3o em janelas, este tipo de ar condicionado \u00e9 compacto e conveniente. Ele \u00e9 uma op\u00e7\u00e3o pr\u00e1tica para resfriar espa\u00e7os pequenos, utilizando uma \u00fanica unidade para a troca de ar. MultiSplit Similar ao sistema split, o multi split permite a conex\u00e3o de v\u00e1rias unidades internas a uma \u00fanica unidade externa. \u00c9 uma solu\u00e7\u00e3o vers\u00e1til para resfriar m\u00faltiplos ambientes, oferecendo flexibilidade de controle. Piso &#8211; Teto\u200b Vers\u00e1til, o piso-teto pode ser instalado tanto no ch\u00e3o quanto no teto. Resfria ambientes amplos, direcionando o ar para cima ou para baixo, sendo ideal para espa\u00e7os comerciais e industriais. Cassete\u200b Instalado no teto, o ar condicionado cassete \u00e9 embutido no forro, proporcionando uma distribui\u00e7\u00e3o uniforme de ar em todos os lados. \u00c9 uma op\u00e7\u00e3o est\u00e9tica e eficiente para espa\u00e7os comerciais e residenciais. Splits O sistema split consiste em unidades internas e externas conectadas, permitindo a refrigera\u00e7\u00e3o eficiente de ambientes individuais. A unidade interna \u00e9 instalada no interior, enquanto a externa fica do lado de fora.\u200b Duto Sistema central com dutos para distribui\u00e7\u00e3o do ar, o qual \u00e9 gerado centralmente, permitindo o controle individual por zonas. Ideal para edif\u00edcios de grande porte. Split\u00e3o\u200b Uma evolu\u00e7\u00e3o do sistema split projetada para ambientes mais amplos, o Split\u00e3o apresenta uma unidade dividida em partes interna e externa, proporcionando maior capacidade de refrigera\u00e7\u00e3o. Indicado especialmente para estabelecimentos comerciais e industriais de m\u00e9dio a grande porte. Cortina de ar Estabelece uma barreira de ar para isolar ambientes climatizados, utilizando correntes de ar para evitar a entrada de ar externo. \u00c9 comumente aplicada em estabelecimentos comerciais para preservar a temperatura interna e prevenir a presen\u00e7a de poeira e insetos.\" \/>\n<meta property=\"og:url\" content=\"https:\/\/oficinadoarclimatizacao.com\/index.php\/venda-de-equipamentos\/\" \/>\n<meta property=\"og:site_name\" content=\"Oficina do Ar\" \/>\n<meta property=\"article:modified_time\" content=\"2024-02-06T18:54:58+00:00\" \/>\n<meta property=\"og:image\" content=\"https:\/\/oficinadoarclimatizacao.com\/wp-content\/uploads\/2024\/01\/janela-300x196.jpg\" \/>\n<meta name=\"twitter:card\" content=\"summary_large_image\" \/>\n<meta name=\"twitter:label1\" content=\"Est. tempo de leitura\" \/>\n\t<meta name=\"twitter:data1\" content=\"4 minutos\" \/>\n<script type=\"application\/ld+json\" class=\"yoast-schema-graph\">{\"@context\":\"https:\/\/schema.org\",\"@graph\":[{\"@type\":\"WebPage\",\"@id\":\"https:\/\/oficinadoarclimatizacao.com\/index.php\/venda-de-equipamentos\/\",\"url\":\"https:\/\/oficinadoarclimatizacao.com\/index.php\/venda-de-equipamentos\/\",\"name\":\"Venda de Equipamentos - Oficina do Ar\",\"isPartOf\":{\"@id\":\"https:\/\/oficinadoarclimatizacao.com\/#website\"},\"primaryImageOfPage\":{\"@id\":\"https:\/\/oficinadoarclimatizacao.com\/index.php\/venda-de-equipamentos\/#primaryimage\"},\"image\":{\"@id\":\"https:\/\/oficinadoarclimatizacao.com\/index.php\/venda-de-equipamentos\/#primaryimage\"},\"thumbnailUrl\":\"https:\/\/oficinadoarclimatizacao.com\/wp-content\/uploads\/2024\/01\/janela-300x196.jpg\",\"datePublished\":\"2023-12-23T00:25:09+00:00\",\"dateModified\":\"2024-02-06T18:54:58+00:00\",\"breadcrumb\":{\"@id\":\"https:\/\/oficinadoarclimatizacao.com\/index.php\/venda-de-equipamentos\/#breadcrumb\"},\"inLanguage\":\"pt-BR\",\"potentialAction\":[{\"@type\":\"ReadAction\",\"target\":[\"https:\/\/oficinadoarclimatizacao.com\/index.php\/venda-de-equipamentos\/\"]}]},{\"@type\":\"ImageObject\",\"inLanguage\":\"pt-BR\",\"@id\":\"https:\/\/oficinadoarclimatizacao.com\/index.php\/venda-de-equipamentos\/#primaryimage\",\"url\":\"https:\/\/oficinadoarclimatizacao.com\/wp-content\/uploads\/2024\/01\/janela.jpg\",\"contentUrl\":\"https:\/\/oficinadoarclimatizacao.com\/wp-content\/uploads\/2024\/01\/janela.jpg\",\"width\":1000,\"height\":653,\"caption\":\"Tipo de ar condicionado - Janela\"},{\"@type\":\"BreadcrumbList\",\"@id\":\"https:\/\/oficinadoarclimatizacao.com\/index.php\/venda-de-equipamentos\/#breadcrumb\",\"itemListElement\":[{\"@type\":\"ListItem\",\"position\":1,\"name\":\"In\u00edcio\",\"item\":\"https:\/\/oficinadoarclimatizacao.com\/\"},{\"@type\":\"ListItem\",\"position\":2,\"name\":\"Venda de Equipamentos\"}]},{\"@type\":\"WebSite\",\"@id\":\"https:\/\/oficinadoarclimatizacao.com\/#website\",\"url\":\"https:\/\/oficinadoarclimatizacao.com\/\",\"name\":\"Oficina do Ar\",\"description\":\"Criamos solu\u00e7\u00f5es em climatiza\u00e7\u00e3o transformando seus ambientes com inova\u00e7\u00e3o, conforto, qualidade e seguran\u00e7a\",\"publisher\":{\"@id\":\"https:\/\/oficinadoarclimatizacao.com\/#organization\"},\"potentialAction\":[{\"@type\":\"SearchAction\",\"target\":{\"@type\":\"EntryPoint\",\"urlTemplate\":\"https:\/\/oficinadoarclimatizacao.com\/?s={search_term_string}\"},\"query-input\":{\"@type\":\"PropertyValueSpecification\",\"valueRequired\":true,\"valueName\":\"search_term_string\"}}],\"inLanguage\":\"pt-BR\"},{\"@type\":\"Organization\",\"@id\":\"https:\/\/oficinadoarclimatizacao.com\/#organization\",\"name\":\"Oficina do Ar\",\"url\":\"https:\/\/oficinadoarclimatizacao.com\/\",\"logo\":{\"@type\":\"ImageObject\",\"inLanguage\":\"pt-BR\",\"@id\":\"https:\/\/oficinadoarclimatizacao.com\/#\/schema\/logo\/image\/\",\"url\":\"https:\/\/oficinadoarclimatizacao.com\/wp-content\/uploads\/2023\/06\/logo.png\",\"contentUrl\":\"https:\/\/oficinadoarclimatizacao.com\/wp-content\/uploads\/2023\/06\/logo.png\",\"width\":405,\"height\":119,\"caption\":\"Oficina do Ar\"},\"image\":{\"@id\":\"https:\/\/oficinadoarclimatizacao.com\/#\/schema\/logo\/image\/\"},\"sameAs\":[\"https:\/\/www.instagram.com\/oficinadoarclimatizacao\/\"]}]}<\/script>\n<!-- \/ Yoast SEO plugin. -->","yoast_head_json":{"title":"Venda de Equipamentos - Oficina do Ar","robots":{"index":"index","follow":"follow","max-snippet":"max-snippet:-1","max-image-preview":"max-image-preview:large","max-video-preview":"max-video-preview:-1"},"canonical":"https:\/\/oficinadoarclimatizacao.com\/index.php\/venda-de-equipamentos\/","og_locale":"pt_BR","og_type":"article","og_title":"Venda de Equipamentos - Oficina do Ar","og_description":"Venda de Equipamentos Vendemos sistemas VRF, Multisplits, splits, tipo k-7, piso teto, dutado, e Hi-wall tanto da linha inverter quanto convencional, condicionadores port\u00e1teis, fancooletes\/hidr\u00f4nicos, condicionadores de ar tipo Janela, Split\u00f5es e cortinas de ar! VRFs e GHPs Representam avan\u00e7os tecnol\u00f3gicos em sistemas de climatiza\u00e7\u00e3o, oferecendo efici\u00eancia e controle personalizado em diferentes contextos de aplica\u00e7\u00e3o. Janela Projetado para instala\u00e7\u00e3o em janelas, este tipo de ar condicionado \u00e9 compacto e conveniente. Ele \u00e9 uma op\u00e7\u00e3o pr\u00e1tica para resfriar espa\u00e7os pequenos, utilizando uma \u00fanica unidade para a troca de ar. MultiSplit Similar ao sistema split, o multi split permite a conex\u00e3o de v\u00e1rias unidades internas a uma \u00fanica unidade externa. \u00c9 uma solu\u00e7\u00e3o vers\u00e1til para resfriar m\u00faltiplos ambientes, oferecendo flexibilidade de controle. Piso &#8211; Teto\u200b Vers\u00e1til, o piso-teto pode ser instalado tanto no ch\u00e3o quanto no teto. Resfria ambientes amplos, direcionando o ar para cima ou para baixo, sendo ideal para espa\u00e7os comerciais e industriais. Cassete\u200b Instalado no teto, o ar condicionado cassete \u00e9 embutido no forro, proporcionando uma distribui\u00e7\u00e3o uniforme de ar em todos os lados. \u00c9 uma op\u00e7\u00e3o est\u00e9tica e eficiente para espa\u00e7os comerciais e residenciais. Splits O sistema split consiste em unidades internas e externas conectadas, permitindo a refrigera\u00e7\u00e3o eficiente de ambientes individuais. A unidade interna \u00e9 instalada no interior, enquanto a externa fica do lado de fora.\u200b Duto Sistema central com dutos para distribui\u00e7\u00e3o do ar, o qual \u00e9 gerado centralmente, permitindo o controle individual por zonas. Ideal para edif\u00edcios de grande porte. Split\u00e3o\u200b Uma evolu\u00e7\u00e3o do sistema split projetada para ambientes mais amplos, o Split\u00e3o apresenta uma unidade dividida em partes interna e externa, proporcionando maior capacidade de refrigera\u00e7\u00e3o. Indicado especialmente para estabelecimentos comerciais e industriais de m\u00e9dio a grande porte. Cortina de ar Estabelece uma barreira de ar para isolar ambientes climatizados, utilizando correntes de ar para evitar a entrada de ar externo. \u00c9 comumente aplicada em estabelecimentos comerciais para preservar a temperatura interna e prevenir a presen\u00e7a de poeira e insetos.","og_url":"https:\/\/oficinadoarclimatizacao.com\/index.php\/venda-de-equipamentos\/","og_site_name":"Oficina do Ar","article_modified_time":"2024-02-06T18:54:58+00:00","og_image":[{"url":"https:\/\/oficinadoarclimatizacao.com\/wp-content\/uploads\/2024\/01\/janela-300x196.jpg","type":"","width":"","height":""}],"twitter_card":"summary_large_image","twitter_misc":{"Est. tempo de leitura":"4 minutos"},"schema":{"@context":"https:\/\/schema.org","@graph":[{"@type":"WebPage","@id":"https:\/\/oficinadoarclimatizacao.com\/index.php\/venda-de-equipamentos\/","url":"https:\/\/oficinadoarclimatizacao.com\/index.php\/venda-de-equipamentos\/","name":"Venda de Equipamentos - Oficina do Ar","isPartOf":{"@id":"https:\/\/oficinadoarclimatizacao.com\/#website"},"primaryImageOfPage":{"@id":"https:\/\/oficinadoarclimatizacao.com\/index.php\/venda-de-equipamentos\/#primaryimage"},"image":{"@id":"https:\/\/oficinadoarclimatizacao.com\/index.php\/venda-de-equipamentos\/#primaryimage"},"thumbnailUrl":"https:\/\/oficinadoarclimatizacao.com\/wp-content\/uploads\/2024\/01\/janela-300x196.jpg","datePublished":"2023-12-23T00:25:09+00:00","dateModified":"2024-02-06T18:54:58+00:00","breadcrumb":{"@id":"https:\/\/oficinadoarclimatizacao.com\/index.php\/venda-de-equipamentos\/#breadcrumb"},"inLanguage":"pt-BR","potentialAction":[{"@type":"ReadAction","target":["https:\/\/oficinadoarclimatizacao.com\/index.php\/venda-de-equipamentos\/"]}]},{"@type":"ImageObject","inLanguage":"pt-BR","@id":"https:\/\/oficinadoarclimatizacao.com\/index.php\/venda-de-equipamentos\/#primaryimage","url":"https:\/\/oficinadoarclimatizacao.com\/wp-content\/uploads\/2024\/01\/janela.jpg","contentUrl":"https:\/\/oficinadoarclimatizacao.com\/wp-content\/uploads\/2024\/01\/janela.jpg","width":1000,"height":653,"caption":"Tipo de ar condicionado - Janela"},{"@type":"BreadcrumbList","@id":"https:\/\/oficinadoarclimatizacao.com\/index.php\/venda-de-equipamentos\/#breadcrumb","itemListElement":[{"@type":"ListItem","position":1,"name":"In\u00edcio","item":"https:\/\/oficinadoarclimatizacao.com\/"},{"@type":"ListItem","position":2,"name":"Venda de Equipamentos"}]},{"@type":"WebSite","@id":"https:\/\/oficinadoarclimatizacao.com\/#website","url":"https:\/\/oficinadoarclimatizacao.com\/","name":"Oficina do Ar","description":"Criamos solu\u00e7\u00f5es em climatiza\u00e7\u00e3o transformando seus ambientes com inova\u00e7\u00e3o, conforto, qualidade e seguran\u00e7a","publisher":{"@id":"https:\/\/oficinadoarclimatizacao.com\/#organization"},"potentialAction":[{"@type":"SearchAction","target":{"@type":"EntryPoint","urlTemplate":"https:\/\/oficinadoarclimatizacao.com\/?s={search_term_string}"},"query-input":{"@type":"PropertyValueSpecification","valueRequired":true,"valueName":"search_term_string"}}],"inLanguage":"pt-BR"},{"@type":"Organization","@id":"https:\/\/oficinadoarclimatizacao.com\/#organization","name":"Oficina do Ar","url":"https:\/\/oficinadoarclimatizacao.com\/","logo":{"@type":"ImageObject","inLanguage":"pt-BR","@id":"https:\/\/oficinadoarclimatizacao.com\/#\/schema\/logo\/image\/","url":"https:\/\/oficinadoarclimatizacao.com\/wp-content\/uploads\/2023\/06\/logo.png","contentUrl":"https:\/\/oficinadoarclimatizacao.com\/wp-content\/uploads\/2023\/06\/logo.png","width":405,"height":119,"caption":"Oficina do Ar"},"image":{"@id":"https:\/\/oficinadoarclimatizacao.com\/#\/schema\/logo\/image\/"},"sameAs":["https:\/\/www.instagram.com\/oficinadoarclimatizacao\/"]}]}},"_links":{"self":[{"href":"https:\/\/oficinadoarclimatizacao.com\/index.php\/wp-json\/wp\/v2\/pages\/590","targetHints":{"allow":["GET"]}}],"collection":[{"href":"https:\/\/oficinadoarclimatizacao.com\/index.php\/wp-json\/wp\/v2\/pages"}],"about":[{"href":"https:\/\/oficinadoarclimatizacao.com\/index.php\/wp-json\/wp\/v2\/types\/page"}],"author":[{"embeddable":true,"href":"https:\/\/oficinadoarclimatizacao.com\/index.php\/wp-json\/wp\/v2\/users\/3"}],"replies":[{"embeddable":true,"href":"https:\/\/oficinadoarclimatizacao.com\/index.php\/wp-json\/wp\/v2\/comments?post=590"}],"version-history":[{"count":16,"href":"https:\/\/oficinadoarclimatizacao.com\/index.php\/wp-json\/wp\/v2\/pages\/590\/revisions"}],"predecessor-version":[{"id":2926,"href":"https:\/\/oficinadoarclimatizacao.com\/index.php\/wp-json\/wp\/v2\/pages\/590\/revisions\/2926"}],"wp:attachment":[{"href":"https:\/\/oficinadoarclimatizacao.com\/index.php\/wp-json\/wp\/v2\/media?parent=590"}],"curies":[{"name":"wp","href":"https:\/\/api.w.org\/{rel}","templated":true}]}}